{"id":5004,"date":"2024-05-22T17:32:05","date_gmt":"2024-05-22T15:32:05","guid":{"rendered":"https:\/\/www.lege-capferret.com\/?post_type=incontournable&#038;p=5004"},"modified":"2024-07-12T16:23:31","modified_gmt":"2024-07-12T14:23:31","slug":"entspannen-und-erholen","status":"publish","type":"incontournable","link":"https:\/\/www.lege-capferret.com\/de\/incontournable\/entspannen-und-erholen\/","title":{"rendered":"Entspannen und erholen"},"content":{"rendered":"\n<section class=\"hero must-see__hero\">\n\t<div class=\"container container--lg hero__inner must-see__hero-inner\" anim-zoom>\n\t\t<img loading=\"lazy\" decoding=\"async\" width=\"1200\" height=\"800\" src=\"https:\/\/www.lege-capferret.com\/wp-content\/uploads\/2024\/05\/plage-pastourelle-o-jane-28.jpg\" class=\"img-cover\" alt=\"femme qui bronze sur la plage.\" srcset=\"https:\/\/www.lege-capferret.com\/wp-content\/uploads\/2024\/05\/plage-pastourelle-o-jane-28.jpg 1200w, https:\/\/www.lege-capferret.com\/wp-content\/uploads\/2024\/05\/plage-pastourelle-o-jane-28-300x200.jpg 300w, https:\/\/www.lege-capferret.com\/wp-content\/uploads\/2024\/05\/plage-pastourelle-o-jane-28-768x512.jpg 768w, https:\/\/www.lege-capferret.com\/wp-content\/uploads\/2024\/05\/plage-pastourelle-o-jane-28-650x433.jpg 650w\" sizes=\"(max-width: 1200px) 100vw, 1200px\" \/>\t\t\t\t<div class=\"container container--md hero__content\">\n\t\t\t<p class=\"title-4\">Die Unumg\u00e4nglichen<\/p>\n\t\t\t<h1 class=\"title-2\">Entspannen und erholen<\/h1>\n\t\t<\/div>\n\t<\/div>\n<\/section>\n\n\n\n\n<section class=\"must-see__intro\">\n    <div class=\"container container--lg must-see__intro-inner\">\n                    <div class=\"must-see__intro-txt\">\n                <h2 class=\"title-1\">BUMMELN, AUSRUHEN UND GENIESSEN<\/h2>\n                                    <h3 class=\"title-4\">Tempo wechseln, im sanften Rhythmus der Gezeiten leben und nichts wirklich Seri\u00f6ses in Angriff nehmen. Abschalten, Tablets ausschalten und ein wiedergefundenes Vergn\u00fcgen am Papier genie\u00dfen.<\/h3>\n                            <\/div>\n        \n        <div class=\"must-see__intro-imgs\">\n            <figure class=\"must-see__intro-img-01\" anim-parallax-down>\n                <img loading=\"lazy\" decoding=\"async\" width=\"610\" height=\"800\" src=\"https:\/\/www.lege-capferret.com\/wp-content\/uploads\/2024\/05\/plage-pastourelle-o-jane-26-830x1090.jpg\" class=\"img-cover\" alt=\"Femme qui lit sur la plage.\" \/>            <\/figure>\n            <figure class=\"must-see__intro-img-02\" anim-parallax-up>\n                <img loading=\"lazy\" decoding=\"async\" width=\"727\" height=\"1090\" src=\"https:\/\/www.lege-capferret.com\/wp-content\/uploads\/2024\/06\/cap-ferret-14-scaled.jpg\" class=\"img-cover\" alt=\"une femme est assise regard le bassin poss\u00e9 sur le port. \" srcset=\"https:\/\/www.lege-capferret.com\/wp-content\/uploads\/2024\/06\/cap-ferret-14-scaled.jpg 1707w, https:\/\/www.lege-capferret.com\/wp-content\/uploads\/2024\/06\/cap-ferret-14-200x300.jpg 200w\" sizes=\"(max-width: 727px) 100vw, 727px\" \/>            <\/figure>\n            <figure class=\"must-see__intro-img-03\" anim-parallax-down>\n                <img loading=\"lazy\" decoding=\"async\" width=\"347\" height=\"520\" src=\"https:\/\/www.lege-capferret.com\/wp-content\/uploads\/2024\/05\/Olympiades_enfants_Lege_Cap_Ferret-001.jpg\" class=\"img-cover\" alt=\"Une fille s&#039;amuse dans le sable.\" srcset=\"https:\/\/www.lege-capferret.com\/wp-content\/uploads\/2024\/05\/Olympiades_enfants_Lege_Cap_Ferret-001.jpg 1280w, https:\/\/www.lege-capferret.com\/wp-content\/uploads\/2024\/05\/Olympiades_enfants_Lege_Cap_Ferret-001-200x300.jpg 200w, https:\/\/www.lege-capferret.com\/wp-content\/uploads\/2024\/05\/Olympiades_enfants_Lege_Cap_Ferret-001-768x1152.jpg 768w, https:\/\/www.lege-capferret.com\/wp-content\/uploads\/2024\/05\/Olympiades_enfants_Lege_Cap_Ferret-001-1024x1536.jpg 1024w, https:\/\/www.lege-capferret.com\/wp-content\/uploads\/2024\/05\/Olympiades_enfants_Lege_Cap_Ferret-001-300x450.jpg 300w, https:\/\/www.lege-capferret.com\/wp-content\/uploads\/2024\/05\/Olympiades_enfants_Lege_Cap_Ferret-001-650x975.jpg 650w\" sizes=\"(max-width: 347px) 100vw, 347px\" \/>            <\/figure>\n        <\/div>\n    <\/div>\n<\/section>\n\n<section class=\"slideshow\">\n\t<div class=\"container container--lg slideshow__inner\">\n\t\t<div class=\"slideshow__slider swiper\" data-slider-container data-slider=\"slideshow\">\n\t\t\t<div class=\"swiper-wrapper\">\n\t\t\t\t\t\t\t\t\t<div class=\"swiper-slide slideshow__slide\">\n                        <img loading=\"lazy\" decoding=\"async\" width=\"1695\" height=\"1130\" src=\"https:\/\/www.lege-capferret.com\/wp-content\/uploads\/2024\/06\/Villa-etcheona-grand-piquey-7-scaled.jpg\" class=\"img-cover\" alt=\"Une personne lit son livre sur sa terrasse avec la vue du bassin qu&#039;on peut apercevoir. \" srcset=\"https:\/\/www.lege-capferret.com\/wp-content\/uploads\/2024\/06\/Villa-etcheona-grand-piquey-7-scaled.jpg 2560w, https:\/\/www.lege-capferret.com\/wp-content\/uploads\/2024\/06\/Villa-etcheona-grand-piquey-7-300x200.jpg 300w, https:\/\/www.lege-capferret.com\/wp-content\/uploads\/2024\/06\/Villa-etcheona-grand-piquey-7-1700x1133.jpg 1700w, https:\/\/www.lege-capferret.com\/wp-content\/uploads\/2024\/06\/Villa-etcheona-grand-piquey-7-768x512.jpg 768w, https:\/\/www.lege-capferret.com\/wp-content\/uploads\/2024\/06\/Villa-etcheona-grand-piquey-7-1536x1024.jpg 1536w, https:\/\/www.lege-capferret.com\/wp-content\/uploads\/2024\/06\/Villa-etcheona-grand-piquey-7-2048x1366.jpg 2048w, https:\/\/www.lege-capferret.com\/wp-content\/uploads\/2024\/06\/Villa-etcheona-grand-piquey-7-650x433.jpg 650w, https:\/\/www.lege-capferret.com\/wp-content\/uploads\/2024\/06\/Villa-etcheona-grand-piquey-7-1260x840.jpg 1260w\" sizes=\"(max-width: 1695px) 100vw, 1695px\" \/>\t\t\t\t\t<\/div>\n                \t\t\t\t\t\t\t\t\t<div class=\"swiper-slide slideshow__slide\">\n                        <img loading=\"lazy\" decoding=\"async\" width=\"1642\" height=\"1130\" src=\"https:\/\/www.lege-capferret.com\/wp-content\/uploads\/2024\/05\/dune-pilat-SIBA-agence-les-conteurs-117-scaled.jpg\" class=\"img-cover\" alt=\"Un couple assit est sur la Dune du Pilat qui contemple le Bassin.\" srcset=\"https:\/\/www.lege-capferret.com\/wp-content\/uploads\/2024\/05\/dune-pilat-SIBA-agence-les-conteurs-117-scaled.jpg 2560w, https:\/\/www.lege-capferret.com\/wp-content\/uploads\/2024\/05\/dune-pilat-SIBA-agence-les-conteurs-117-300x206.jpg 300w, https:\/\/www.lege-capferret.com\/wp-content\/uploads\/2024\/05\/dune-pilat-SIBA-agence-les-conteurs-117-1700x1170.jpg 1700w, https:\/\/www.lege-capferret.com\/wp-content\/uploads\/2024\/05\/dune-pilat-SIBA-agence-les-conteurs-117-768x529.jpg 768w, https:\/\/www.lege-capferret.com\/wp-content\/uploads\/2024\/05\/dune-pilat-SIBA-agence-les-conteurs-117-1536x1057.jpg 1536w, https:\/\/www.lege-capferret.com\/wp-content\/uploads\/2024\/05\/dune-pilat-SIBA-agence-les-conteurs-117-2048x1409.jpg 2048w, https:\/\/www.lege-capferret.com\/wp-content\/uploads\/2024\/05\/dune-pilat-SIBA-agence-les-conteurs-117-650x447.jpg 650w\" sizes=\"(max-width: 1642px) 100vw, 1642px\" \/>\t\t\t\t\t<\/div>\n                \t\t\t\t\t\t\t\t\t<div class=\"swiper-slide slideshow__slide\">\n                        <img loading=\"lazy\" decoding=\"async\" width=\"1695\" height=\"1130\" src=\"https:\/\/www.lege-capferret.com\/wp-content\/uploads\/2024\/04\/cap-ferret-131-scaled.jpg\" class=\"img-cover\" alt=\"Deux femmes assisent \u00e0 table, bronzes au soleil \" srcset=\"https:\/\/www.lege-capferret.com\/wp-content\/uploads\/2024\/04\/cap-ferret-131-scaled.jpg 2560w, https:\/\/www.lege-capferret.com\/wp-content\/uploads\/2024\/04\/cap-ferret-131-300x200.jpg 300w, https:\/\/www.lege-capferret.com\/wp-content\/uploads\/2024\/04\/cap-ferret-131-1700x1133.jpg 1700w, https:\/\/www.lege-capferret.com\/wp-content\/uploads\/2024\/04\/cap-ferret-131-768x512.jpg 768w, https:\/\/www.lege-capferret.com\/wp-content\/uploads\/2024\/04\/cap-ferret-131-1536x1024.jpg 1536w, https:\/\/www.lege-capferret.com\/wp-content\/uploads\/2024\/04\/cap-ferret-131-2048x1365.jpg 2048w, https:\/\/www.lege-capferret.com\/wp-content\/uploads\/2024\/04\/cap-ferret-131-650x433.jpg 650w, https:\/\/www.lege-capferret.com\/wp-content\/uploads\/2024\/04\/cap-ferret-131-1260x840.jpg 1260w\" sizes=\"(max-width: 1695px) 100vw, 1695px\" \/>\t\t\t\t\t<\/div>\n                \t\t\t\t\t\t\t\t\t<div class=\"swiper-slide slideshow__slide\">\n                        <img loading=\"lazy\" decoding=\"async\" width=\"1695\" height=\"1130\" src=\"https:\/\/www.lege-capferret.com\/wp-content\/uploads\/2024\/06\/cap-ferret-13-scaled.jpg\" class=\"img-cover\" alt=\"Deux femmes marchent pour aller dans leur logement.\" srcset=\"https:\/\/www.lege-capferret.com\/wp-content\/uploads\/2024\/06\/cap-ferret-13-scaled.jpg 2560w, https:\/\/www.lege-capferret.com\/wp-content\/uploads\/2024\/06\/cap-ferret-13-300x200.jpg 300w, https:\/\/www.lege-capferret.com\/wp-content\/uploads\/2024\/06\/cap-ferret-13-1700x1133.jpg 1700w, https:\/\/www.lege-capferret.com\/wp-content\/uploads\/2024\/06\/cap-ferret-13-768x512.jpg 768w, https:\/\/www.lege-capferret.com\/wp-content\/uploads\/2024\/06\/cap-ferret-13-1536x1024.jpg 1536w, https:\/\/www.lege-capferret.com\/wp-content\/uploads\/2024\/06\/cap-ferret-13-2048x1365.jpg 2048w, https:\/\/www.lege-capferret.com\/wp-content\/uploads\/2024\/06\/cap-ferret-13-650x433.jpg 650w, https:\/\/www.lege-capferret.com\/wp-content\/uploads\/2024\/06\/cap-ferret-13-1260x840.jpg 1260w\" sizes=\"(max-width: 1695px) 100vw, 1695px\" \/>\t\t\t\t\t<\/div>\n                \t\t\t\t\t\t\t\t\t<div class=\"swiper-slide slideshow__slide\">\n                        <img loading=\"lazy\" decoding=\"async\" width=\"1695\" height=\"1130\" src=\"https:\/\/www.lege-capferret.com\/wp-content\/uploads\/2024\/04\/couleurs-du-ferret-agence-les-conteurs-20-scaled.jpg\" class=\"img-cover\" alt=\"Un couple se prom\u00e8ne au camping Aux Couleurs u Ferret\" srcset=\"https:\/\/www.lege-capferret.com\/wp-content\/uploads\/2024\/04\/couleurs-du-ferret-agence-les-conteurs-20-scaled.jpg 2560w, https:\/\/www.lege-capferret.com\/wp-content\/uploads\/2024\/04\/couleurs-du-ferret-agence-les-conteurs-20-300x200.jpg 300w, https:\/\/www.lege-capferret.com\/wp-content\/uploads\/2024\/04\/couleurs-du-ferret-agence-les-conteurs-20-1700x1133.jpg 1700w, https:\/\/www.lege-capferret.com\/wp-content\/uploads\/2024\/04\/couleurs-du-ferret-agence-les-conteurs-20-768x512.jpg 768w, https:\/\/www.lege-capferret.com\/wp-content\/uploads\/2024\/04\/couleurs-du-ferret-agence-les-conteurs-20-1536x1024.jpg 1536w, https:\/\/www.lege-capferret.com\/wp-content\/uploads\/2024\/04\/couleurs-du-ferret-agence-les-conteurs-20-2048x1365.jpg 2048w, https:\/\/www.lege-capferret.com\/wp-content\/uploads\/2024\/04\/couleurs-du-ferret-agence-les-conteurs-20-650x433.jpg 650w, https:\/\/www.lege-capferret.com\/wp-content\/uploads\/2024\/04\/couleurs-du-ferret-agence-les-conteurs-20-1260x840.jpg 1260w\" sizes=\"(max-width: 1695px) 100vw, 1695px\" \/>\t\t\t\t\t<\/div>\n                \t\t\t\t\t\t\t\t\t<div class=\"swiper-slide slideshow__slide\">\n                        <img loading=\"lazy\" decoding=\"async\" width=\"1695\" height=\"1130\" src=\"https:\/\/www.lege-capferret.com\/wp-content\/uploads\/2024\/06\/la-vigne-4-scaled.jpg\" class=\"img-cover\" alt=\"Deux femmes sont assises sur un banc en train de regarder le Bassin. \" srcset=\"https:\/\/www.lege-capferret.com\/wp-content\/uploads\/2024\/06\/la-vigne-4-scaled.jpg 2560w, https:\/\/www.lege-capferret.com\/wp-content\/uploads\/2024\/06\/la-vigne-4-300x200.jpg 300w, https:\/\/www.lege-capferret.com\/wp-content\/uploads\/2024\/06\/la-vigne-4-1700x1133.jpg 1700w, https:\/\/www.lege-capferret.com\/wp-content\/uploads\/2024\/06\/la-vigne-4-768x512.jpg 768w, https:\/\/www.lege-capferret.com\/wp-content\/uploads\/2024\/06\/la-vigne-4-1536x1024.jpg 1536w, https:\/\/www.lege-capferret.com\/wp-content\/uploads\/2024\/06\/la-vigne-4-2048x1365.jpg 2048w, https:\/\/www.lege-capferret.com\/wp-content\/uploads\/2024\/06\/la-vigne-4-650x433.jpg 650w, https:\/\/www.lege-capferret.com\/wp-content\/uploads\/2024\/06\/la-vigne-4-1260x840.jpg 1260w\" sizes=\"(max-width: 1695px) 100vw, 1695px\" \/>\t\t\t\t\t<\/div>\n                \t\t\t\t\t\t\t\t\t<div class=\"swiper-slide slideshow__slide\">\n                        <img loading=\"lazy\" decoding=\"async\" width=\"1695\" height=\"1130\" src=\"https:\/\/www.lege-capferret.com\/wp-content\/uploads\/2024\/06\/herbe-10-scaled.jpg\" class=\"img-cover\" alt=\"Un couple est pos\u00e9 sur un banc en train de regarder le bassin.\" srcset=\"https:\/\/www.lege-capferret.com\/wp-content\/uploads\/2024\/06\/herbe-10-scaled.jpg 2560w, https:\/\/www.lege-capferret.com\/wp-content\/uploads\/2024\/06\/herbe-10-300x200.jpg 300w, https:\/\/www.lege-capferret.com\/wp-content\/uploads\/2024\/06\/herbe-10-1700x1133.jpg 1700w, https:\/\/www.lege-capferret.com\/wp-content\/uploads\/2024\/06\/herbe-10-768x512.jpg 768w, https:\/\/www.lege-capferret.com\/wp-content\/uploads\/2024\/06\/herbe-10-1536x1024.jpg 1536w, https:\/\/www.lege-capferret.com\/wp-content\/uploads\/2024\/06\/herbe-10-2048x1366.jpg 2048w, https:\/\/www.lege-capferret.com\/wp-content\/uploads\/2024\/06\/herbe-10-650x433.jpg 650w, https:\/\/www.lege-capferret.com\/wp-content\/uploads\/2024\/06\/herbe-10-1260x840.jpg 1260w\" sizes=\"(max-width: 1695px) 100vw, 1695px\" \/>\t\t\t\t\t<\/div>\n                \t\t\t\t\t\t\t\t\t<div class=\"swiper-slide slideshow__slide\">\n                        <img loading=\"lazy\" decoding=\"async\" width=\"1695\" height=\"1130\" src=\"https:\/\/www.lege-capferret.com\/wp-content\/uploads\/2024\/04\/couleurs-du-ferret-agence-les-conteurs-28-scaled.jpg\" class=\"img-cover\" alt=\"Prendre un petit d\u00e9jeun\u00e9 sur la terrasse de notre logement au camping aux couleurs du Ferret\" srcset=\"https:\/\/www.lege-capferret.com\/wp-content\/uploads\/2024\/04\/couleurs-du-ferret-agence-les-conteurs-28-scaled.jpg 2560w, https:\/\/www.lege-capferret.com\/wp-content\/uploads\/2024\/04\/couleurs-du-ferret-agence-les-conteurs-28-300x200.jpg 300w, https:\/\/www.lege-capferret.com\/wp-content\/uploads\/2024\/04\/couleurs-du-ferret-agence-les-conteurs-28-1700x1133.jpg 1700w, https:\/\/www.lege-capferret.com\/wp-content\/uploads\/2024\/04\/couleurs-du-ferret-agence-les-conteurs-28-768x512.jpg 768w, https:\/\/www.lege-capferret.com\/wp-content\/uploads\/2024\/04\/couleurs-du-ferret-agence-les-conteurs-28-1536x1024.jpg 1536w, https:\/\/www.lege-capferret.com\/wp-content\/uploads\/2024\/04\/couleurs-du-ferret-agence-les-conteurs-28-2048x1366.jpg 2048w, https:\/\/www.lege-capferret.com\/wp-content\/uploads\/2024\/04\/couleurs-du-ferret-agence-les-conteurs-28-650x433.jpg 650w, https:\/\/www.lege-capferret.com\/wp-content\/uploads\/2024\/04\/couleurs-du-ferret-agence-les-conteurs-28-1260x840.jpg 1260w\" sizes=\"(max-width: 1695px) 100vw, 1695px\" \/>\t\t\t\t\t<\/div>\n                \t\t\t\t\t\t\t<\/div>\n\t\t\t<div class=\"slideshow__slider-nav\">\n\t\t\t\t<div class=\"swiper-button-prev slideshow__slider-prev-btn\">\n\t\t\t\t\t<svg><use xlink:href=\"https:\/\/www.lege-capferret.com\/wp-content\/themes\/adtheme\/assets\/dist\/svg\/icons\/sprite.svg#arrow\"><\/use><\/svg>\n\t\t\t\t<\/div>\n\t\t\t\t<div class=\"swiper-button-next slideshow__slider-next-btn\">\n\t\t\t\t\t<svg><use xlink:href=\"https:\/\/www.lege-capferret.com\/wp-content\/themes\/adtheme\/assets\/dist\/svg\/icons\/sprite.svg#arrow\"><\/use><\/svg>\n\t\t\t\t<\/div>\n\t\t\t<\/div>\n\t\t<\/div>\n        \t\t<div class=\"slideshow__txt\">\n                        \t\t\t<div class=\"wys\">\n               <p>Dazu werdenMagazine und Sommerkrimi gekauft und auf geht\u2019s f\u00fcr ein St\u00fcndchen leichte Lekt\u00fcre an den Strand, ins Stra\u00dfencaf\u00e9 oder in den Park am Leuchtturm.<\/p>\n\t\t\t<\/div>\n            \t\t<\/div>\n        \t<\/div>\n<\/section>\n\n\n<section class=\"large-image\" anim-zoom>\n    <img loading=\"lazy\" decoding=\"async\" width=\"1200\" height=\"800\" src=\"https:\/\/www.lege-capferret.com\/wp-content\/uploads\/2024\/06\/cap-ferret-22-scaled.jpg\" class=\"img-cover\" alt=\"Ap\u00e9ro entre copines sur une terrasse au Cap Ferret.\" srcset=\"https:\/\/www.lege-capferret.com\/wp-content\/uploads\/2024\/06\/cap-ferret-22-scaled.jpg 2560w, https:\/\/www.lege-capferret.com\/wp-content\/uploads\/2024\/06\/cap-ferret-22-300x200.jpg 300w, https:\/\/www.lege-capferret.com\/wp-content\/uploads\/2024\/06\/cap-ferret-22-1700x1133.jpg 1700w, https:\/\/www.lege-capferret.com\/wp-content\/uploads\/2024\/06\/cap-ferret-22-768x512.jpg 768w, https:\/\/www.lege-capferret.com\/wp-content\/uploads\/2024\/06\/cap-ferret-22-1536x1024.jpg 1536w, https:\/\/www.lege-capferret.com\/wp-content\/uploads\/2024\/06\/cap-ferret-22-2048x1365.jpg 2048w, https:\/\/www.lege-capferret.com\/wp-content\/uploads\/2024\/06\/cap-ferret-22-650x433.jpg 650w, https:\/\/www.lege-capferret.com\/wp-content\/uploads\/2024\/06\/cap-ferret-22-1260x840.jpg 1260w\" sizes=\"(max-width: 1200px) 100vw, 1200px\" \/>\n            <div class=\"large-image__txt\">\n            <div class=\"container container--sm\">\n                <strong class=\"title-5\"><\/strong>\n            <\/div>\n        <\/div>\n    <\/section>\n\n\n\n<section class=\"text-triple-images\">\n    <div class=\"container container--md text-triple-images__txt\">\n        <h2 class=\"title-1\">Die kleinen Freuden &#8211; so einfach \u2026<\/h2>\n        <h3 class=\"title-5\">Und das Leben ist wunderbar!<\/h3>\n        <p class=\"txt-1\">Sie k\u00f6nnen auch \u00fcber die M\u00e4rkte bummeln, den Austernz\u00fcchtern in den D\u00f6rfern bei ihrer Arbeit zuschauen oder sich als Zuschauer zu einer Boulepartie gesellen.<\/p>\n    <\/div>\n    <div class=\"container container--lg text-triple-images__imgs\">\n        <figure class=\"text-triple-images__img-01\" anim-parallax-down>\n            <img loading=\"lazy\" decoding=\"async\" width=\"573\" height=\"860\" src=\"https:\/\/www.lege-capferret.com\/wp-content\/uploads\/2024\/05\/lege-cap-ferret-agence-les-conteurs-32.jpg\" class=\"img-cover\" alt=\"March\u00e9 du Cap Ferret.\" srcset=\"https:\/\/www.lege-capferret.com\/wp-content\/uploads\/2024\/05\/lege-cap-ferret-agence-les-conteurs-32.jpg 1200w, https:\/\/www.lege-capferret.com\/wp-content\/uploads\/2024\/05\/lege-cap-ferret-agence-les-conteurs-32-200x300.jpg 200w, https:\/\/www.lege-capferret.com\/wp-content\/uploads\/2024\/05\/lege-cap-ferret-agence-les-conteurs-32-768x1152.jpg 768w, https:\/\/www.lege-capferret.com\/wp-content\/uploads\/2024\/05\/lege-cap-ferret-agence-les-conteurs-32-1024x1536.jpg 1024w, https:\/\/www.lege-capferret.com\/wp-content\/uploads\/2024\/05\/lege-cap-ferret-agence-les-conteurs-32-300x450.jpg 300w, https:\/\/www.lege-capferret.com\/wp-content\/uploads\/2024\/05\/lege-cap-ferret-agence-les-conteurs-32-650x975.jpg 650w\" sizes=\"(max-width: 573px) 100vw, 573px\" \/>        <\/figure>\n        <figure class=\"text-triple-images__img-02\" anim-parallax-up>\n            <img loading=\"lazy\" decoding=\"async\" width=\"910\" height=\"1200\" src=\"https:\/\/www.lege-capferret.com\/wp-content\/uploads\/2024\/05\/lege-cap-ferret-agence-les-conteurs-96-910x1200.jpg\" class=\"img-cover\" alt=\"Une femme lit un menu.\" \/>        <\/figure>\n        <figure class=\"text-triple-images__img-03\" anim-parallax-down>\n            <img loading=\"lazy\" decoding=\"async\" width=\"573\" height=\"860\" src=\"https:\/\/www.lege-capferret.com\/wp-content\/uploads\/2024\/05\/lege-cap-ferret-agence-les-conteurs-156.jpg\" class=\"img-cover\" alt=\"Moment bronzette sur un bateau.\" srcset=\"https:\/\/www.lege-capferret.com\/wp-content\/uploads\/2024\/05\/lege-cap-ferret-agence-les-conteurs-156.jpg 1200w, https:\/\/www.lege-capferret.com\/wp-content\/uploads\/2024\/05\/lege-cap-ferret-agence-les-conteurs-156-200x300.jpg 200w, https:\/\/www.lege-capferret.com\/wp-content\/uploads\/2024\/05\/lege-cap-ferret-agence-les-conteurs-156-768x1152.jpg 768w, https:\/\/www.lege-capferret.com\/wp-content\/uploads\/2024\/05\/lege-cap-ferret-agence-les-conteurs-156-1024x1536.jpg 1024w, https:\/\/www.lege-capferret.com\/wp-content\/uploads\/2024\/05\/lege-cap-ferret-agence-les-conteurs-156-300x450.jpg 300w, https:\/\/www.lege-capferret.com\/wp-content\/uploads\/2024\/05\/lege-cap-ferret-agence-les-conteurs-156-650x975.jpg 650w\" sizes=\"(max-width: 573px) 100vw, 573px\" \/>        <\/figure>\n    <\/div>\n<\/section>\n\n\n\n\n\n<div class=\"container container--lg module\">\n    <section class=\"double-columns-wys-image\">\n        <div class=\"double-columns-wys-image__col\">\n            <div>\n                <h2 class=\"title-1 double-columns-wys-image__col-title\">Und tief durchatmen!<\/h2>\n                <div class=\"wys\">\n                    <p>Genie\u00dfen Sie das Zusammensein mit Familie und Freunden beim Austernessen oder abends im Restaurant, wobei die einzige Sorge darin besteht, auf keinen Fall H\u00fcte noch Picknick f\u00fcr die Fahrradtour oder die Schiffstour am n\u00e4chsten Tag zu vergessen.<\/p>\n                <\/div>\n            <\/div>\n                            <figure class=\"double-columns-wys-image__col-img\" anim-reveal>\n                    <img loading=\"lazy\" decoding=\"async\" width=\"1420\" height=\"947\" src=\"https:\/\/www.lege-capferret.com\/wp-content\/uploads\/2024\/05\/lege-cap-ferret-agence-les-conteurs-102.jpg\" class=\"img-cover\" alt=\"Moment d\u00e9tente, lecture sur une terrasse pour une m\u00e8re et son fils.\" srcset=\"https:\/\/www.lege-capferret.com\/wp-content\/uploads\/2024\/05\/lege-cap-ferret-agence-les-conteurs-102.jpg 2500w, https:\/\/www.lege-capferret.com\/wp-content\/uploads\/2024\/05\/lege-cap-ferret-agence-les-conteurs-102-300x200.jpg 300w, https:\/\/www.lege-capferret.com\/wp-content\/uploads\/2024\/05\/lege-cap-ferret-agence-les-conteurs-102-1700x1134.jpg 1700w, https:\/\/www.lege-capferret.com\/wp-content\/uploads\/2024\/05\/lege-cap-ferret-agence-les-conteurs-102-768x512.jpg 768w, https:\/\/www.lege-capferret.com\/wp-content\/uploads\/2024\/05\/lege-cap-ferret-agence-les-conteurs-102-1536x1024.jpg 1536w, https:\/\/www.lege-capferret.com\/wp-content\/uploads\/2024\/05\/lege-cap-ferret-agence-les-conteurs-102-2048x1366.jpg 2048w, https:\/\/www.lege-capferret.com\/wp-content\/uploads\/2024\/05\/lege-cap-ferret-agence-les-conteurs-102-650x433.jpg 650w, https:\/\/www.lege-capferret.com\/wp-content\/uploads\/2024\/05\/lege-cap-ferret-agence-les-conteurs-102-1260x840.jpg 1260w\" sizes=\"(max-width: 1420px) 100vw, 1420px\" \/>                <\/figure>\n                    <\/div>\n        <div class=\"double-columns-wys-image__col\">\n                            <figure class=\"double-columns-wys-image__col-img\" anim-reveal>\n                    <img loading=\"lazy\" decoding=\"async\" width=\"1040\" height=\"693\" src=\"https:\/\/www.lege-capferret.com\/wp-content\/uploads\/2024\/06\/cap-ferret-149-scaled.jpg\" class=\"img-cover\" alt=\"Un couple se prom\u00e8ne sur la plage oc\u00e9anique du Cap Ferret.\" srcset=\"https:\/\/www.lege-capferret.com\/wp-content\/uploads\/2024\/06\/cap-ferret-149-scaled.jpg 2560w, https:\/\/www.lege-capferret.com\/wp-content\/uploads\/2024\/06\/cap-ferret-149-300x200.jpg 300w, https:\/\/www.lege-capferret.com\/wp-content\/uploads\/2024\/06\/cap-ferret-149-1700x1133.jpg 1700w, https:\/\/www.lege-capferret.com\/wp-content\/uploads\/2024\/06\/cap-ferret-149-768x512.jpg 768w, https:\/\/www.lege-capferret.com\/wp-content\/uploads\/2024\/06\/cap-ferret-149-1536x1024.jpg 1536w, https:\/\/www.lege-capferret.com\/wp-content\/uploads\/2024\/06\/cap-ferret-149-2048x1366.jpg 2048w, https:\/\/www.lege-capferret.com\/wp-content\/uploads\/2024\/06\/cap-ferret-149-650x433.jpg 650w, https:\/\/www.lege-capferret.com\/wp-content\/uploads\/2024\/06\/cap-ferret-149-1260x840.jpg 1260w\" sizes=\"(max-width: 1040px) 100vw, 1040px\" \/>                <\/figure>\n                        <div>\n                <div class=\"wys\">\n                    <p>Wieder richtig Luft holen und sich viel Zeit nehmen \u2013 eine der guten Ideen f\u00fcr echte Ferien auf der Halbinsel.<\/p>\n                <\/div>\n                            <\/div>\n        <\/div>\n    <\/section>\n<\/div>\n\n\n\n\n<section class=\"editorial-cross-content\">\n\t<div class=\"editorial-cross-content__inner\">\n        \t\t<header class=\"editorial-cross-content__header\">\n                        <span class=\"title-6 editorial-cross-content__subhead\">Endecken Sie<\/span>\n                  <span class=\"title-3\"> Unsere Urlaubsideen<\/span>\n\t\t<\/header>\n       \t\t<ul class=\"editorial-cross-content__list\">\n            \t\t\t<li class=\"editorial-cross-content__list-item\">\n                \t\t\t\t<figure class=\"editorial-cross-content__list-item-img\">\n                <img loading=\"lazy\" decoding=\"async\" width=\"300\" height=\"300\" src=\"https:\/\/www.lege-capferret.com\/wp-content\/uploads\/2024\/06\/weekend-entre-amis-lege-cap-ferret-agence-les-conteurs-306-610x610.jpg\" class=\"img-cover wp-post-image\" alt=\"La place de L\u00e8ge-Cap Ferret avec en fond on peut voir l&#039;\u00e9glise.\" srcset=\"https:\/\/www.lege-capferret.com\/wp-content\/uploads\/2024\/06\/weekend-entre-amis-lege-cap-ferret-agence-les-conteurs-306-610x610.jpg 610w, https:\/\/www.lege-capferret.com\/wp-content\/uploads\/2024\/06\/weekend-entre-amis-lege-cap-ferret-agence-les-conteurs-306-150x150.jpg 150w\" sizes=\"(max-width: 300px) 100vw, 300px\" \/>\t\t\t\t<\/figure>\n                                <strong class=\"title-6\"><a href=\"https:\/\/www.lege-capferret.com\/en-couple\/\">\nEn amoureux ou juste \u00e0 deux\u2026 d\u00e9couvrez nos id\u00e9es de s\u00e9jours sur la Presqu\u2019\u00eele, pens\u00e9es rien que pour vous.<\/a><\/strong>\n\t\t\t<\/li>\n            \t\t\t<li class=\"editorial-cross-content__list-item\">\n                \t\t\t\t<figure class=\"editorial-cross-content__list-item-img\">\n                <img loading=\"lazy\" decoding=\"async\" width=\"300\" height=\"300\" src=\"https:\/\/www.lege-capferret.com\/wp-content\/uploads\/2024\/06\/weekend-entre-amis-lege-cap-ferret-agence-les-conteurs-306-610x610.jpg\" class=\"img-cover wp-post-image\" alt=\"La place de L\u00e8ge-Cap Ferret avec en fond on peut voir l&#039;\u00e9glise.\" srcset=\"https:\/\/www.lege-capferret.com\/wp-content\/uploads\/2024\/06\/weekend-entre-amis-lege-cap-ferret-agence-les-conteurs-306-610x610.jpg 610w, https:\/\/www.lege-capferret.com\/wp-content\/uploads\/2024\/06\/weekend-entre-amis-lege-cap-ferret-agence-les-conteurs-306-150x150.jpg 150w\" sizes=\"(max-width: 300px) 100vw, 300px\" \/>\t\t\t\t<\/figure>\n                                <strong class=\"title-6\"><a href=\"https:\/\/www.lege-capferret.com\/en-couple\/\">\nEn amoureux ou juste \u00e0 deux\u2026 d\u00e9couvrez nos id\u00e9es de s\u00e9jours sur la Presqu\u2019\u00eele, pens\u00e9es rien que pour vous.<\/a><\/strong>\n\t\t\t<\/li>\n            \t\t<\/ul>\n\t<\/div>\n<\/section>\n\n\n\n<section class=\"cross-content must-see-cross-content\">\n\t<div class=\"container container--lg xs-smaller-offset\">\n        \t\t<header class=\"cross-content__header\">\n\t\t\t<strong class=\"title-1\">Sie werden auch m\u00f6gen<\/strong>\n           \t\t\t<span class=\"title-5\">unsere weiteren must-haves<\/span>\n           \t\t<\/header>\n        \n       <div class=\"cross-content__slider swiper\" data-slider=\"cross-content\" data-slider-container>\n\t<div class=\"swiper-wrapper\">\n\t\t\t\t\t<div class=\"cross-content__slider-item swiper-slide\">\n                <article>\n\t<a href=\"https:\/\/www.lege-capferret.com\/de\/incontournable\/besteigen-der-dune-du-pilat\/\" class=\"must-see-card card\">\n        \t\t<span class=\"must-see-card__icon card__icon\">\n\t\t\t<svg><use xlink:href=\"https:\/\/www.lege-capferret.com\/wp-content\/themes\/adtheme\/assets\/dist\/svg\/icons\/sprite.svg#backpack\"><\/use><\/svg>\n\t\t\t<!-- Toutes les icones -->\n\t\t\t<!-- <svg><use xlink:href=\"https:\/\/www.lege-capferret.com\/wp-content\/themes\/adtheme\/assets\/dist\/svg\/icons\/sprite.svg#watermelon\"><\/use><\/svg> -->\n\t\t\t<!-- <svg><use xlink:href=\"https:\/\/www.lege-capferret.com\/wp-content\/themes\/adtheme\/assets\/dist\/svg\/icons\/sprite.svg#binoculars\"><\/use><\/svg> -->\n\t\t\t<!-- <svg><use xlink:href=\"https:\/\/www.lege-capferret.com\/wp-content\/themes\/adtheme\/assets\/dist\/svg\/icons\/sprite.svg#flip-flop\"><\/use><\/svg> -->\n\t\t\t<!-- <svg><use xlink:href=\"https:\/\/www.lege-capferret.com\/wp-content\/themes\/adtheme\/assets\/dist\/svg\/icons\/sprite.svg#racket\"><\/use><\/svg> -->\n\t\t\t<!-- <svg><use xlink:href=\"https:\/\/www.lege-capferret.com\/wp-content\/themes\/adtheme\/assets\/dist\/svg\/icons\/sprite.svg#camera\"><\/use><\/svg> -->\n\t\t\t<!-- <svg><use xlink:href=\"https:\/\/www.lege-capferret.com\/wp-content\/themes\/adtheme\/assets\/dist\/svg\/icons\/sprite.svg#snorkel\"><\/use><\/svg> -->\n\t\t\t<!-- <svg><use xlink:href=\"https:\/\/www.lege-capferret.com\/wp-content\/themes\/adtheme\/assets\/dist\/svg\/icons\/sprite.svg#beach-ball\"><\/use><\/svg> -->\n\t\t\t<!-- <svg><use xlink:href=\"https:\/\/www.lege-capferret.com\/wp-content\/themes\/adtheme\/assets\/dist\/svg\/icons\/sprite.svg#cocktail\"><\/use><\/svg> -->\n\t\t\t<!-- <svg><use xlink:href=\"https:\/\/www.lege-capferret.com\/wp-content\/themes\/adtheme\/assets\/dist\/svg\/icons\/sprite.svg#bike\"><\/use><\/svg> -->\n\t\t\t<!-- <svg><use xlink:href=\"https:\/\/www.lege-capferret.com\/wp-content\/themes\/adtheme\/assets\/dist\/svg\/icons\/sprite.svg#backpack\"><\/use><\/svg> -->\n\t\t\t<!-- !Toutes les icones -->\n\t\t<\/span>\n        \t\t<h3 class=\"must-see-card__title title-4\">Besteigen der Dune du Pilat<\/h3>\n                <img loading=\"lazy\" decoding=\"async\" width=\"820\" height=\"1230\" src=\"https:\/\/www.lege-capferret.com\/wp-content\/uploads\/2024\/05\/dune-pilat-lege-cap-ferret-agence-les-conteurs-131.jpg\" class=\"img-cover\" alt=\"Un couple monte la Dune du Pilat.\" title=\"Besteigen der Dune du Pilat\" srcset=\"https:\/\/www.lege-capferret.com\/wp-content\/uploads\/2024\/05\/dune-pilat-lege-cap-ferret-agence-les-conteurs-131.jpg 1500w, https:\/\/www.lege-capferret.com\/wp-content\/uploads\/2024\/05\/dune-pilat-lege-cap-ferret-agence-les-conteurs-131-200x300.jpg 200w, https:\/\/www.lege-capferret.com\/wp-content\/uploads\/2024\/05\/dune-pilat-lege-cap-ferret-agence-les-conteurs-131-768x1152.jpg 768w, https:\/\/www.lege-capferret.com\/wp-content\/uploads\/2024\/05\/dune-pilat-lege-cap-ferret-agence-les-conteurs-131-1024x1536.jpg 1024w, https:\/\/www.lege-capferret.com\/wp-content\/uploads\/2024\/05\/dune-pilat-lege-cap-ferret-agence-les-conteurs-131-1365x2048.jpg 1365w, https:\/\/www.lege-capferret.com\/wp-content\/uploads\/2024\/05\/dune-pilat-lege-cap-ferret-agence-les-conteurs-131-300x450.jpg 300w, https:\/\/www.lege-capferret.com\/wp-content\/uploads\/2024\/05\/dune-pilat-lege-cap-ferret-agence-les-conteurs-131-650x975.jpg 650w\" sizes=\"(max-width: 820px) 100vw, 820px\" \/>\n\t<\/a>\n<\/article>\n\t\t\t<\/div>\n       \t\t\t<div class=\"cross-content__slider-item swiper-slide\">\n                <article>\n\t<a href=\"https:\/\/www.lege-capferret.com\/de\/incontournable\/begegnungen-mit-gastefuhrern\/\" class=\"must-see-card card\">\n        \t\t<span class=\"must-see-card__icon card__icon\">\n\t\t\t<svg><use xlink:href=\"https:\/\/www.lege-capferret.com\/wp-content\/themes\/adtheme\/assets\/dist\/svg\/icons\/sprite.svg#binoculars\"><\/use><\/svg>\n\t\t\t<!-- Toutes les icones -->\n\t\t\t<!-- <svg><use xlink:href=\"https:\/\/www.lege-capferret.com\/wp-content\/themes\/adtheme\/assets\/dist\/svg\/icons\/sprite.svg#watermelon\"><\/use><\/svg> -->\n\t\t\t<!-- <svg><use xlink:href=\"https:\/\/www.lege-capferret.com\/wp-content\/themes\/adtheme\/assets\/dist\/svg\/icons\/sprite.svg#binoculars\"><\/use><\/svg> -->\n\t\t\t<!-- <svg><use xlink:href=\"https:\/\/www.lege-capferret.com\/wp-content\/themes\/adtheme\/assets\/dist\/svg\/icons\/sprite.svg#flip-flop\"><\/use><\/svg> -->\n\t\t\t<!-- <svg><use xlink:href=\"https:\/\/www.lege-capferret.com\/wp-content\/themes\/adtheme\/assets\/dist\/svg\/icons\/sprite.svg#racket\"><\/use><\/svg> -->\n\t\t\t<!-- <svg><use xlink:href=\"https:\/\/www.lege-capferret.com\/wp-content\/themes\/adtheme\/assets\/dist\/svg\/icons\/sprite.svg#camera\"><\/use><\/svg> -->\n\t\t\t<!-- <svg><use xlink:href=\"https:\/\/www.lege-capferret.com\/wp-content\/themes\/adtheme\/assets\/dist\/svg\/icons\/sprite.svg#snorkel\"><\/use><\/svg> -->\n\t\t\t<!-- <svg><use xlink:href=\"https:\/\/www.lege-capferret.com\/wp-content\/themes\/adtheme\/assets\/dist\/svg\/icons\/sprite.svg#beach-ball\"><\/use><\/svg> -->\n\t\t\t<!-- <svg><use xlink:href=\"https:\/\/www.lege-capferret.com\/wp-content\/themes\/adtheme\/assets\/dist\/svg\/icons\/sprite.svg#cocktail\"><\/use><\/svg> -->\n\t\t\t<!-- <svg><use xlink:href=\"https:\/\/www.lege-capferret.com\/wp-content\/themes\/adtheme\/assets\/dist\/svg\/icons\/sprite.svg#bike\"><\/use><\/svg> -->\n\t\t\t<!-- <svg><use xlink:href=\"https:\/\/www.lege-capferret.com\/wp-content\/themes\/adtheme\/assets\/dist\/svg\/icons\/sprite.svg#backpack\"><\/use><\/svg> -->\n\t\t\t<!-- !Toutes les icones -->\n\t\t<\/span>\n        \t\t<h3 class=\"must-see-card__title title-4\">Begegnungen mit G\u00e4stef\u00fchrern<\/h3>\n                <img loading=\"lazy\" decoding=\"async\" width=\"820\" height=\"1230\" src=\"https:\/\/www.lege-capferret.com\/wp-content\/uploads\/2024\/04\/sylvie-atrille-lege-cap-ferret-agence-les-conteurs-3-scaled.jpg\" class=\"img-cover\" alt=\"Propri\u00e9taire d&#039;un restaurent du Bassin.\" title=\"Begegnungen mit G\u00e4stef\u00fchrern\" srcset=\"https:\/\/www.lege-capferret.com\/wp-content\/uploads\/2024\/04\/sylvie-atrille-lege-cap-ferret-agence-les-conteurs-3-scaled.jpg 1707w, https:\/\/www.lege-capferret.com\/wp-content\/uploads\/2024\/04\/sylvie-atrille-lege-cap-ferret-agence-les-conteurs-3-200x300.jpg 200w, https:\/\/www.lege-capferret.com\/wp-content\/uploads\/2024\/04\/sylvie-atrille-lege-cap-ferret-agence-les-conteurs-3-1700x2550.jpg 1700w, https:\/\/www.lege-capferret.com\/wp-content\/uploads\/2024\/04\/sylvie-atrille-lege-cap-ferret-agence-les-conteurs-3-768x1152.jpg 768w, https:\/\/www.lege-capferret.com\/wp-content\/uploads\/2024\/04\/sylvie-atrille-lege-cap-ferret-agence-les-conteurs-3-1024x1536.jpg 1024w, https:\/\/www.lege-capferret.com\/wp-content\/uploads\/2024\/04\/sylvie-atrille-lege-cap-ferret-agence-les-conteurs-3-1365x2048.jpg 1365w, https:\/\/www.lege-capferret.com\/wp-content\/uploads\/2024\/04\/sylvie-atrille-lege-cap-ferret-agence-les-conteurs-3-300x450.jpg 300w, https:\/\/www.lege-capferret.com\/wp-content\/uploads\/2024\/04\/sylvie-atrille-lege-cap-ferret-agence-les-conteurs-3-650x975.jpg 650w\" sizes=\"(max-width: 820px) 100vw, 820px\" \/>\n\t<\/a>\n<\/article>\n\t\t\t<\/div>\n       \t\t\t<div class=\"cross-content__slider-item swiper-slide\">\n                <article>\n\t<a href=\"https:\/\/www.lege-capferret.com\/de\/incontournable\/austerngenuss-mit-den-fussen-im-wasser\/\" class=\"must-see-card card\">\n        \t\t<span class=\"must-see-card__icon card__icon\">\n\t\t\t<svg><use xlink:href=\"https:\/\/www.lege-capferret.com\/wp-content\/themes\/adtheme\/assets\/dist\/svg\/icons\/sprite.svg#watermelon\"><\/use><\/svg>\n\t\t\t<!-- Toutes les icones -->\n\t\t\t<!-- <svg><use xlink:href=\"https:\/\/www.lege-capferret.com\/wp-content\/themes\/adtheme\/assets\/dist\/svg\/icons\/sprite.svg#watermelon\"><\/use><\/svg> -->\n\t\t\t<!-- <svg><use xlink:href=\"https:\/\/www.lege-capferret.com\/wp-content\/themes\/adtheme\/assets\/dist\/svg\/icons\/sprite.svg#binoculars\"><\/use><\/svg> -->\n\t\t\t<!-- <svg><use xlink:href=\"https:\/\/www.lege-capferret.com\/wp-content\/themes\/adtheme\/assets\/dist\/svg\/icons\/sprite.svg#flip-flop\"><\/use><\/svg> -->\n\t\t\t<!-- <svg><use xlink:href=\"https:\/\/www.lege-capferret.com\/wp-content\/themes\/adtheme\/assets\/dist\/svg\/icons\/sprite.svg#racket\"><\/use><\/svg> -->\n\t\t\t<!-- <svg><use xlink:href=\"https:\/\/www.lege-capferret.com\/wp-content\/themes\/adtheme\/assets\/dist\/svg\/icons\/sprite.svg#camera\"><\/use><\/svg> -->\n\t\t\t<!-- <svg><use xlink:href=\"https:\/\/www.lege-capferret.com\/wp-content\/themes\/adtheme\/assets\/dist\/svg\/icons\/sprite.svg#snorkel\"><\/use><\/svg> -->\n\t\t\t<!-- <svg><use xlink:href=\"https:\/\/www.lege-capferret.com\/wp-content\/themes\/adtheme\/assets\/dist\/svg\/icons\/sprite.svg#beach-ball\"><\/use><\/svg> -->\n\t\t\t<!-- <svg><use xlink:href=\"https:\/\/www.lege-capferret.com\/wp-content\/themes\/adtheme\/assets\/dist\/svg\/icons\/sprite.svg#cocktail\"><\/use><\/svg> -->\n\t\t\t<!-- <svg><use xlink:href=\"https:\/\/www.lege-capferret.com\/wp-content\/themes\/adtheme\/assets\/dist\/svg\/icons\/sprite.svg#bike\"><\/use><\/svg> -->\n\t\t\t<!-- <svg><use xlink:href=\"https:\/\/www.lege-capferret.com\/wp-content\/themes\/adtheme\/assets\/dist\/svg\/icons\/sprite.svg#backpack\"><\/use><\/svg> -->\n\t\t\t<!-- !Toutes les icones -->\n\t\t<\/span>\n        \t\t<h3 class=\"must-see-card__title title-4\">Austerngenuss mit den F\u00fc\u00dfen im Wasser<\/h3>\n                <img loading=\"lazy\" decoding=\"async\" width=\"1\" height=\"1\" src=\"https:\/\/www.lege-capferret.com\/wp-content\/uploads\/2024\/04\/Huitres-mazette-lege-cap-ferret-tourisme-les-conteurs-43.jpg\" class=\"img-cover\" alt=\"D\u00e9guster des huitres en couple sur la plage au bord du Bassin.\" title=\"Austerngenuss mit den F\u00fc\u00dfen im Wasser\" \/>\n\t<\/a>\n<\/article>\n\t\t\t<\/div>\n       \t\t\t<div class=\"cross-content__slider-item swiper-slide\">\n                <article>\n\t<a href=\"https:\/\/www.lege-capferret.com\/de\/incontournable\/spass-und-freude-mit-den-kindern\/\" class=\"must-see-card card\">\n        \t\t<span class=\"must-see-card__icon card__icon\">\n\t\t\t<svg><use xlink:href=\"https:\/\/www.lege-capferret.com\/wp-content\/themes\/adtheme\/assets\/dist\/svg\/icons\/sprite.svg#racket\"><\/use><\/svg>\n\t\t\t<!-- Toutes les icones -->\n\t\t\t<!-- <svg><use xlink:href=\"https:\/\/www.lege-capferret.com\/wp-content\/themes\/adtheme\/assets\/dist\/svg\/icons\/sprite.svg#watermelon\"><\/use><\/svg> -->\n\t\t\t<!-- <svg><use xlink:href=\"https:\/\/www.lege-capferret.com\/wp-content\/themes\/adtheme\/assets\/dist\/svg\/icons\/sprite.svg#binoculars\"><\/use><\/svg> -->\n\t\t\t<!-- <svg><use xlink:href=\"https:\/\/www.lege-capferret.com\/wp-content\/themes\/adtheme\/assets\/dist\/svg\/icons\/sprite.svg#flip-flop\"><\/use><\/svg> -->\n\t\t\t<!-- <svg><use xlink:href=\"https:\/\/www.lege-capferret.com\/wp-content\/themes\/adtheme\/assets\/dist\/svg\/icons\/sprite.svg#racket\"><\/use><\/svg> -->\n\t\t\t<!-- <svg><use xlink:href=\"https:\/\/www.lege-capferret.com\/wp-content\/themes\/adtheme\/assets\/dist\/svg\/icons\/sprite.svg#camera\"><\/use><\/svg> -->\n\t\t\t<!-- <svg><use xlink:href=\"https:\/\/www.lege-capferret.com\/wp-content\/themes\/adtheme\/assets\/dist\/svg\/icons\/sprite.svg#snorkel\"><\/use><\/svg> -->\n\t\t\t<!-- <svg><use xlink:href=\"https:\/\/www.lege-capferret.com\/wp-content\/themes\/adtheme\/assets\/dist\/svg\/icons\/sprite.svg#beach-ball\"><\/use><\/svg> -->\n\t\t\t<!-- <svg><use xlink:href=\"https:\/\/www.lege-capferret.com\/wp-content\/themes\/adtheme\/assets\/dist\/svg\/icons\/sprite.svg#cocktail\"><\/use><\/svg> -->\n\t\t\t<!-- <svg><use xlink:href=\"https:\/\/www.lege-capferret.com\/wp-content\/themes\/adtheme\/assets\/dist\/svg\/icons\/sprite.svg#bike\"><\/use><\/svg> -->\n\t\t\t<!-- <svg><use xlink:href=\"https:\/\/www.lege-capferret.com\/wp-content\/themes\/adtheme\/assets\/dist\/svg\/icons\/sprite.svg#backpack\"><\/use><\/svg> -->\n\t\t\t<!-- !Toutes les icones -->\n\t\t<\/span>\n        \t\t<h3 class=\"must-see-card__title title-4\">Spa\u00df und Freude mit den Kindern<\/h3>\n                <img loading=\"lazy\" decoding=\"async\" width=\"830\" height=\"1230\" src=\"https:\/\/www.lege-capferret.com\/wp-content\/uploads\/2024\/05\/file-20.jpg\" class=\"img-cover\" alt=\"Spa\u00df und Freude mit den Kindern\" title=\"Spa\u00df und Freude mit den Kindern\" srcset=\"https:\/\/www.lege-capferret.com\/wp-content\/uploads\/2024\/05\/file-20.jpg 830w, https:\/\/www.lege-capferret.com\/wp-content\/uploads\/2024\/05\/file-20-202x300.jpg 202w, https:\/\/www.lege-capferret.com\/wp-content\/uploads\/2024\/05\/file-20-768x1138.jpg 768w, https:\/\/www.lege-capferret.com\/wp-content\/uploads\/2024\/05\/file-20-300x445.jpg 300w, https:\/\/www.lege-capferret.com\/wp-content\/uploads\/2024\/05\/file-20-650x963.jpg 650w\" sizes=\"(max-width: 830px) 100vw, 830px\" \/>\n\t<\/a>\n<\/article>\n\t\t\t<\/div>\n       \n\t\t\n\n\n\t<\/div>\n\t<div class=\"slider-nav cross-content__nav\">\n\t\t<div class=\"swiper-button-prev slider-prev-btn\">\n\t\t\t<svg><use xlink:href=\"https:\/\/www.lege-capferret.com\/wp-content\/themes\/adtheme\/assets\/dist\/svg\/icons\/sprite.svg#arrow-2\"><\/use><\/svg>\n\t\t<\/div>\n\t\t<div class=\"swiper-button-next slider-next-btn\">\n\t\t\t<svg><use xlink:href=\"https:\/\/www.lege-capferret.com\/wp-content\/themes\/adtheme\/assets\/dist\/svg\/icons\/sprite.svg#arrow-2\"><\/use><\/svg>\n\t\t<\/div>\n\t\t<div class=\"swiper-pagination slider-pagination\"><\/div>\n\t<\/div>\n<\/div>\n\t<\/div>\n<\/section>\n\n","protected":false},"featured_media":3941,"template":"","themes-tags-decouverte":[],"acf":[],"yoast_head":"<!-- This site is optimized with the Yoast SEO plugin v22.4 - https:\/\/yoast.com\/wordpress\/plugins\/seo\/ -->\n<title>Entspannen und erholen - L\u00e8ge-Cap Ferret<\/title>\n<meta name=\"robots\" content=\"index, follow, max-snippet:-1, max-image-preview:large, max-video-preview:-1\" \/>\n<link rel=\"canonical\" href=\"https:\/\/www.lege-capferret.com\/de\/incontournable\/entspannen-und-erholen\/\" \/>\n<meta property=\"og:locale\" content=\"de_DE\" \/>\n<meta property=\"og:type\" content=\"article\" \/>\n<meta property=\"og:title\" content=\"Entspannen und erholen - L\u00e8ge-Cap Ferret\" \/>\n<meta property=\"og:url\" content=\"https:\/\/www.lege-capferret.com\/de\/incontournable\/entspannen-und-erholen\/\" \/>\n<meta property=\"og:site_name\" content=\"L\u00e8ge-Cap Ferret\" \/>\n<meta property=\"article:modified_time\" content=\"2024-07-12T14:23:31+00:00\" \/>\n<meta property=\"og:image\" content=\"https:\/\/www.lege-capferret.com\/wp-content\/uploads\/2024\/05\/plage-pastourelle-o-jane-28.jpg\" \/>\n\t<meta property=\"og:image:width\" content=\"1200\" \/>\n\t<meta property=\"og:image:height\" content=\"800\" \/>\n\t<meta property=\"og:image:type\" content=\"image\/jpeg\" \/>\n<meta name=\"twitter:card\" content=\"summary_large_image\" \/>\n<meta name=\"twitter:label1\" content=\"Gesch\u00e4tzte Lesezeit\" \/>\n\t<meta name=\"twitter:data1\" content=\"6\u00a0Minuten\" \/>\n<script type=\"application\/ld+json\" class=\"yoast-schema-graph\">{\"@context\":\"https:\/\/schema.org\",\"@graph\":[{\"@type\":\"WebPage\",\"@id\":\"https:\/\/www.lege-capferret.com\/de\/incontournable\/entspannen-und-erholen\/\",\"url\":\"https:\/\/www.lege-capferret.com\/de\/incontournable\/entspannen-und-erholen\/\",\"name\":\"Entspannen und erholen - L\u00e8ge-Cap Ferret\",\"isPartOf\":{\"@id\":\"https:\/\/www.lege-capferret.com\/de\/#website\"},\"primaryImageOfPage\":{\"@id\":\"https:\/\/www.lege-capferret.com\/de\/incontournable\/entspannen-und-erholen\/#primaryimage\"},\"image\":{\"@id\":\"https:\/\/www.lege-capferret.com\/de\/incontournable\/entspannen-und-erholen\/#primaryimage\"},\"thumbnailUrl\":\"https:\/\/www.lege-capferret.com\/wp-content\/uploads\/2024\/05\/plage-pastourelle-o-jane-28.jpg\",\"datePublished\":\"2024-05-22T15:32:05+00:00\",\"dateModified\":\"2024-07-12T14:23:31+00:00\",\"breadcrumb\":{\"@id\":\"https:\/\/www.lege-capferret.com\/de\/incontournable\/entspannen-und-erholen\/#breadcrumb\"},\"inLanguage\":\"de\",\"potentialAction\":[{\"@type\":\"ReadAction\",\"target\":[\"https:\/\/www.lege-capferret.com\/de\/incontournable\/entspannen-und-erholen\/\"]}]},{\"@type\":\"ImageObject\",\"inLanguage\":\"de\",\"@id\":\"https:\/\/www.lege-capferret.com\/de\/incontournable\/entspannen-und-erholen\/#primaryimage\",\"url\":\"https:\/\/www.lege-capferret.com\/wp-content\/uploads\/2024\/05\/plage-pastourelle-o-jane-28.jpg\",\"contentUrl\":\"https:\/\/www.lege-capferret.com\/wp-content\/uploads\/2024\/05\/plage-pastourelle-o-jane-28.jpg\",\"width\":1200,\"height\":800,\"caption\":\"femme qui bronze sur la plage.\"},{\"@type\":\"BreadcrumbList\",\"@id\":\"https:\/\/www.lege-capferret.com\/de\/incontournable\/entspannen-und-erholen\/#breadcrumb\",\"itemListElement\":[{\"@type\":\"ListItem\",\"position\":1,\"name\":\"Home\",\"item\":\"https:\/\/www.lege-capferret.com\/de\/\"},{\"@type\":\"ListItem\",\"position\":2,\"name\":\"Entspannen und erholen\"}]},{\"@type\":\"WebSite\",\"@id\":\"https:\/\/www.lege-capferret.com\/de\/#website\",\"url\":\"https:\/\/www.lege-capferret.com\/de\/\",\"name\":\"L\u00e8ge-Cap-Ferret\",\"description\":\"\",\"potentialAction\":[{\"@type\":\"SearchAction\",\"target\":{\"@type\":\"EntryPoint\",\"urlTemplate\":\"https:\/\/www.lege-capferret.com\/de\/?s={search_term_string}\"},\"query-input\":\"required name=search_term_string\"}],\"inLanguage\":\"de\"}]}<\/script>\n<!-- \/ Yoast SEO plugin. -->","yoast_head_json":{"title":"Entspannen und erholen - L\u00e8ge-Cap Ferret","robots":{"index":"index","follow":"follow","max-snippet":"max-snippet:-1","max-image-preview":"max-image-preview:large","max-video-preview":"max-video-preview:-1"},"canonical":"https:\/\/www.lege-capferret.com\/de\/incontournable\/entspannen-und-erholen\/","og_locale":"de_DE","og_type":"article","og_title":"Entspannen und erholen - L\u00e8ge-Cap Ferret","og_url":"https:\/\/www.lege-capferret.com\/de\/incontournable\/entspannen-und-erholen\/","og_site_name":"L\u00e8ge-Cap Ferret","article_modified_time":"2024-07-12T14:23:31+00:00","og_image":[{"width":1200,"height":800,"url":"https:\/\/www.lege-capferret.com\/wp-content\/uploads\/2024\/05\/plage-pastourelle-o-jane-28.jpg","type":"image\/jpeg"}],"twitter_card":"summary_large_image","twitter_misc":{"Gesch\u00e4tzte Lesezeit":"6\u00a0Minuten"},"schema":{"@context":"https:\/\/schema.org","@graph":[{"@type":"WebPage","@id":"https:\/\/www.lege-capferret.com\/de\/incontournable\/entspannen-und-erholen\/","url":"https:\/\/www.lege-capferret.com\/de\/incontournable\/entspannen-und-erholen\/","name":"Entspannen und erholen - L\u00e8ge-Cap Ferret","isPartOf":{"@id":"https:\/\/www.lege-capferret.com\/de\/#website"},"primaryImageOfPage":{"@id":"https:\/\/www.lege-capferret.com\/de\/incontournable\/entspannen-und-erholen\/#primaryimage"},"image":{"@id":"https:\/\/www.lege-capferret.com\/de\/incontournable\/entspannen-und-erholen\/#primaryimage"},"thumbnailUrl":"https:\/\/www.lege-capferret.com\/wp-content\/uploads\/2024\/05\/plage-pastourelle-o-jane-28.jpg","datePublished":"2024-05-22T15:32:05+00:00","dateModified":"2024-07-12T14:23:31+00:00","breadcrumb":{"@id":"https:\/\/www.lege-capferret.com\/de\/incontournable\/entspannen-und-erholen\/#breadcrumb"},"inLanguage":"de","potentialAction":[{"@type":"ReadAction","target":["https:\/\/www.lege-capferret.com\/de\/incontournable\/entspannen-und-erholen\/"]}]},{"@type":"ImageObject","inLanguage":"de","@id":"https:\/\/www.lege-capferret.com\/de\/incontournable\/entspannen-und-erholen\/#primaryimage","url":"https:\/\/www.lege-capferret.com\/wp-content\/uploads\/2024\/05\/plage-pastourelle-o-jane-28.jpg","contentUrl":"https:\/\/www.lege-capferret.com\/wp-content\/uploads\/2024\/05\/plage-pastourelle-o-jane-28.jpg","width":1200,"height":800,"caption":"femme qui bronze sur la plage."},{"@type":"BreadcrumbList","@id":"https:\/\/www.lege-capferret.com\/de\/incontournable\/entspannen-und-erholen\/#breadcrumb","itemListElement":[{"@type":"ListItem","position":1,"name":"Home","item":"https:\/\/www.lege-capferret.com\/de\/"},{"@type":"ListItem","position":2,"name":"Entspannen und erholen"}]},{"@type":"WebSite","@id":"https:\/\/www.lege-capferret.com\/de\/#website","url":"https:\/\/www.lege-capferret.com\/de\/","name":"L\u00e8ge-Cap-Ferret","description":"","potentialAction":[{"@type":"SearchAction","target":{"@type":"EntryPoint","urlTemplate":"https:\/\/www.lege-capferret.com\/de\/?s={search_term_string}"},"query-input":"required name=search_term_string"}],"inLanguage":"de"}]}},"_links":{"self":[{"href":"https:\/\/www.lege-capferret.com\/de\/wp-json\/wp\/v2\/incontournable\/5004"}],"collection":[{"href":"https:\/\/www.lege-capferret.com\/de\/wp-json\/wp\/v2\/incontournable"}],"about":[{"href":"https:\/\/www.lege-capferret.com\/de\/wp-json\/wp\/v2\/types\/incontournable"}],"wp:featuredmedia":[{"embeddable":true,"href":"https:\/\/www.lege-capferret.com\/de\/wp-json\/wp\/v2\/media\/3941"}],"wp:attachment":[{"href":"https:\/\/www.lege-capferret.com\/de\/wp-json\/wp\/v2\/media?parent=5004"}],"wp:term":[{"taxonomy":"themes-tags-decouverte","embeddable":true,"href":"https:\/\/www.lege-capferret.com\/de\/wp-json\/wp\/v2\/themes-tags-decouverte?post=5004"}],"curies":[{"name":"wp","href":"https:\/\/api.w.org\/{rel}","templated":true}]}}